{"id":98,"date":"2014-08-17T21:54:19","date_gmt":"2014-08-17T21:54:19","guid":{"rendered":"http:\/\/svetlomodro.si\/hisa\/?page_id=98"},"modified":"2016-12-21T10:55:18","modified_gmt":"2016-12-21T08:55:18","slug":"kdo-smo","status":"publish","type":"page","link":"https:\/\/hisaizrocila.si\/sl\/o-nas\/kdo-smo\/","title":{"rendered":"Kdo smo"},"content":{"rendered":"<h2 class=\"special-heading\">Spoznaj ekipo<\/h2>\n<div class=\"one_third\">\n<div class=\"image-sc\"><img decoding=\"async\" loading=\"lazy\" class=\"alignnone size-medium wp-image-132\" src=\"https:\/\/hisaizrocila.si\/wp-content\/uploads\/slika_ljoba_jence-152x300.jpg\" alt=\"slika_ljoba_jence\" width=\"152\" height=\"300\" srcset=\"https:\/\/hisaizrocila.si\/wp-content\/uploads\/slika_ljoba_jence-152x300.jpg 152w, https:\/\/hisaizrocila.si\/wp-content\/uploads\/slika_ljoba_jence-100x198.jpg 100w, https:\/\/hisaizrocila.si\/wp-content\/uploads\/slika_ljoba_jence.jpg 256w\" sizes=\"(max-width: 152px) 100vw, 152px\" \/><\/div>\n<div class=\"line-sc\"><\/div>\n<h3><strong>Ljoba Jen\u010de<\/strong><\/h3>\n<h6>direktorica<\/h6>\n<p style=\"text-align: justify;\">Po gimnaziji in \u0161tudiju ekonomije dela v turizmu na Cerkni\u0161kem jezeru. Leta 1988 pridobi status pevke &#8211; svobodne umetnice pri Ministrstvu za kulturo in pri\u010dne zbirati ljudsko izro\u010dilo Notranjske po napotkih dr. Zmage Kumer pri GNI ZRC SAZU in ob podpori Ob\u010dine Cerknica. Vsi njeni projekti prejmejo nacionalno in mednarodno podporo. V slovenskem prostoru pu\u0161\u010da s svojim delovanjem neizbrisljivo sled. Slovenske ljudske pesmi je ponesla v Himalajo, Kanado, Ameriko, Afriko, po Evropi, najraje pa poje doma otrokom in odraslim.<\/p>\n<p style=\"text-align: justify;\">Lani je na Ptuju vodila drugi Mednarodni simpozij pripovedovanja in evropsko okroglo mizo Parzival. Uredila je priro\u010dnik pripovedovanja, izdala je \u0161tevilne plo\u0161\u010de, pesmarice, knjigo,\u00a0 posnela oddaje, dokumentarne filme. Sodeluje tudi z Bralno zna\u010dko Slovenije in Glasbeno mladino Slovenije.<\/p>\n<p style=\"text-align: justify;\">Je ustanoviteljica Hi\u0161e izro\u010dila in v njej vodi projekt <strong>V istem \u010dolnu-Mladi \u010duvarji izro\u010dila<\/strong>, kjer je mentor za zbiranje in ohranjanje nesnovne kulturne dedi\u0161\u010dine ter prenos znanj od nosilcev na mlade. Letos je spro\u017eila pobudo za ohranitev drevaka-tradicionalnega jezerskega \u010dolna na izvirni lokaciji Cerkni\u0161kega jezera in za vpis nosilca dedi\u0161\u010dine drevaka v nacionalni register in kasneje v UNESCO-v seznam.<\/p>\n<p style=\"text-align: justify;\">Povezuje razli\u010dne svetove, kulture, religije in generacije. Za ohranitev \u010dlove\u0161kega dostojanstva, narave in zakladnice kultur.<\/p>\n<div class=\"social-bookmarks\">\n<ul>\n<li class=\"facebook\"><a href=\"facebook.com\/ljoba.jence\">facebook<\/a><\/li>\n<li class=\"gplus\"><a href=\"#\">googel plus<\/a><\/li>\n<li class=\"twitter\"><a href=\"#\">twitter<\/a><\/li>\n<\/ul>\n<\/div>\n<\/div>\n<div class=\"one_third \">\n<div class=\"image-sc\"><img decoding=\"async\" loading=\"lazy\" class=\"alignnone size-medium wp-image-130 \" src=\"https:\/\/hisaizrocila.si\/wp-content\/uploads\/slika_helene_vicic-152x300.jpg\" alt=\"slika_helene_vicic\" width=\"152\" height=\"300\" srcset=\"https:\/\/hisaizrocila.si\/wp-content\/uploads\/slika_helene_vicic-152x300.jpg 152w, https:\/\/hisaizrocila.si\/wp-content\/uploads\/slika_helene_vicic-100x198.jpg 100w, https:\/\/hisaizrocila.si\/wp-content\/uploads\/slika_helene_vicic.jpg 256w\" sizes=\"(max-width: 152px) 100vw, 152px\" \/><\/div>\n<div class=\"line-sc\"><\/div>\n<h3><strong>Helena Vi\u010di\u010d<\/strong><\/h3>\n<h6>koordinatorka projektov<\/h6>\n<p style=\"text-align: justify;\">Diplomirana zgodovinarka in turisti\u010dna vodnica je doma\u010dinka z globoko pripadnostjo notranjski de\u017eeli. Ve\u010d kot osem let je nabirala izku\u0161nje v turizmu pri nas, na Irskem in na potovanjih po Evropi. V medijih je objavila \u0161tevilne novinarske in strokovne prispevke s podro\u010dja kulture in turizma ter sodelovala na projektih za razvoj pode\u017eelja.<\/p>\n<p style=\"text-align: justify;\">V Hi\u0161i izro\u010dila skrbi za koordinacijo projekta, programe vodenj skupin\u00a0 na podro\u010dju dedi\u0161\u010dine in turizma. Kot zgodovinarko jo \u0161e posebej zanima zgodovina oljarne.<\/p>\n<div class=\"social-bookmarks\">\n<ul>\n<li class=\"facebook\"><a href=\"#\">facebook<\/a><\/li>\n<li class=\"gplus\"><a href=\"#\">googel plus<\/a><\/li>\n<li class=\"twitter\"><a href=\"#\">twitter<\/a><\/li>\n<\/ul>\n<\/div>\n<\/div>\n<div class=\"one_third last\">\n<div class=\"image-sc\"><img decoding=\"async\" loading=\"lazy\" class=\"alignnone size-medium wp-image-131\" src=\"https:\/\/hisaizrocila.si\/wp-content\/uploads\/slika_ursa_telic_miler-152x300.jpg\" alt=\"slika_ursa_telic_miler\" width=\"152\" height=\"300\" srcset=\"https:\/\/hisaizrocila.si\/wp-content\/uploads\/slika_ursa_telic_miler-152x300.jpg 152w, https:\/\/hisaizrocila.si\/wp-content\/uploads\/slika_ursa_telic_miler-100x198.jpg 100w, https:\/\/hisaizrocila.si\/wp-content\/uploads\/slika_ursa_telic_miler.jpg 256w\" sizes=\"(max-width: 152px) 100vw, 152px\" \/><\/div>\n<div class=\"line-sc\"><\/div>\n<h3><strong>Ur\u0161a Teli\u010d Miler<\/strong><\/h3>\n<h6>strokovna sodelavka<\/h6>\n<p style=\"text-align: justify;\">Uni. dip. in\u017e. oblikovanja obla\u010dil in tekstilij je \u0161tudij zaklju\u010dila 2004 na Naravoslovnotehni\u0161ki fakulteti Univerze v Ljubljani ter svoje izobra\u017eevanje nadaljevala v Designskolen v Koldingu na Danskem.<\/p>\n<p style=\"text-align: justify;\">V Hi\u0161i izro\u010dila skrbi za razvoj trajnostno ekolo\u0161kih izdelkov iz tekstiji, vodenje izobra\u017eevalnega programa M\u010cI za podro\u010dje tekstilji, oblikovanje in izvajanje: izobra\u017eevalnih programov za najmlaj\u0161e in \u0161ole, ter programov za krepitev organizacij.<\/p>\n<div class=\"social-bookmarks\">\n<ul>\n<li class=\"facebook\"><a href=\"#\">facebook<\/a><\/li>\n<li class=\"gplus\"><a href=\"#\">googel plus<\/a><\/li>\n<li class=\"twitter\"><a href=\"#\">twitter<\/a><\/li>\n<\/ul>\n<\/div>\n<\/div>\n","protected":false},"excerpt":{"rendered":"<p>Spoznaj ekipo Ljoba Jen\u010de direktorica Po gimnaziji in \u0161tudiju ekonomije dela v turizmu na Cerkni\u0161kem jezeru. Leta 1988 pridobi status pevke &#8211; svobodne umetnice pri Ministrstvu za kulturo in pri\u010dne &#8230;<\/p>\n","protected":false},"author":1,"featured_media":0,"parent":9,"menu_order":0,"comment_status":"open","ping_status":"open","template":"","meta":[],"_links":{"self":[{"href":"https:\/\/hisaizrocila.si\/sl\/wp-json\/wp\/v2\/pages\/98"}],"collection":[{"href":"https:\/\/hisaizrocila.si\/sl\/wp-json\/wp\/v2\/pages"}],"about":[{"href":"https:\/\/hisaizrocila.si\/sl\/wp-json\/wp\/v2\/types\/page"}],"author":[{"embeddable":true,"href":"https:\/\/hisaizrocila.si\/sl\/wp-json\/wp\/v2\/users\/1"}],"replies":[{"embeddable":true,"href":"https:\/\/hisaizrocila.si\/sl\/wp-json\/wp\/v2\/comments?post=98"}],"version-history":[{"count":16,"href":"https:\/\/hisaizrocila.si\/sl\/wp-json\/wp\/v2\/pages\/98\/revisions"}],"predecessor-version":[{"id":1842,"href":"https:\/\/hisaizrocila.si\/sl\/wp-json\/wp\/v2\/pages\/98\/revisions\/1842"}],"up":[{"embeddable":true,"href":"https:\/\/hisaizrocila.si\/sl\/wp-json\/wp\/v2\/pages\/9"}],"wp:attachment":[{"href":"https:\/\/hisaizrocila.si\/sl\/wp-json\/wp\/v2\/media?parent=98"}],"curies":[{"name":"wp","href":"https:\/\/api.w.org\/{rel}","templated":true}]}}